{"id":4786,"date":"2021-02-08T15:39:35","date_gmt":"2021-02-08T14:39:35","guid":{"rendered":"https:\/\/radcawasilewski.pl\/kanzlei\/"},"modified":"2026-01-04T19:39:57","modified_gmt":"2026-01-04T18:39:57","slug":"kanzlei","status":"publish","type":"page","link":"https:\/\/radcawasilewski.pl\/de\/kanzlei\/","title":{"rendered":"Kanzlei"},"content":{"rendered":"\t\t<div data-elementor-type=\"wp-page\" data-elementor-id=\"4786\" class=\"elementor elementor-4786 elementor-2298\" data-elementor-post-type=\"page\">\n\t\t\t\t\t\t<section data-particle_enable=\"false\" data-particle-mobile-disabled=\"false\" class=\"elementor-section elementor-top-section elementor-element elementor-element-0dff41b elementor-section-height-min-height elementor-section-boxed elementor-section-height-default elementor-section-items-middle\" data-id=\"0dff41b\" data-element_type=\"section\" data-e-type=\"section\" data-settings=\"{&quot;animation&quot;:&quot;none&quot;,&quot;background_background&quot;:&quot;classic&quot;}\">\n\t\t\t\t\t\t\t<div class=\"elementor-background-overlay\"><\/div>\n\t\t\t\t\t\t\t<div class=\"elementor-container elementor-column-gap-default\">\n\t\t\t\t\t<div class=\"elementor-column elementor-col-100 elementor-top-column elementor-element elementor-element-baff84f\" data-id=\"baff84f\" data-element_type=\"column\" data-e-type=\"column\">\n\t\t\t<div class=\"elementor-widget-wrap elementor-element-populated\">\n\t\t\t\t\t\t<div class=\"elementor-element elementor-element-998a59e elementor-widget elementor-widget-heading\" data-id=\"998a59e\" data-element_type=\"widget\" data-e-type=\"widget\" data-widget_type=\"heading.default\">\n\t\t\t\t\t<h1 class=\"elementor-heading-title elementor-size-default\">Unsere Anwaltskanzlei<\/h1>\t\t\t\t<\/div>\n\t\t\t\t<div class=\"elementor-element elementor-element-36ecf3b elementor-widget elementor-widget-heading\" data-id=\"36ecf3b\" data-element_type=\"widget\" data-e-type=\"widget\" data-widget_type=\"heading.default\">\n\t\t\t\t\t<h1 class=\"elementor-heading-title elementor-size-default\">Rechtsanwaltskanzlei Dr. Rafa\u0142 R. Wasilewski<\/h1>\t\t\t\t<\/div>\n\t\t\t\t\t<\/div>\n\t\t<\/div>\n\t\t\t\t\t<\/div>\n\t\t<\/section>\n\t\t\t\t<section data-particle_enable=\"false\" data-particle-mobile-disabled=\"false\" class=\"elementor-section elementor-top-section elementor-element elementor-element-54bbb2a elementor-section-boxed elementor-section-height-default elementor-section-height-default\" data-id=\"54bbb2a\" data-element_type=\"section\" data-e-type=\"section\">\n\t\t\t\t\t\t<div class=\"elementor-container elementor-column-gap-default\">\n\t\t\t\t\t<div class=\"elementor-column elementor-col-100 elementor-top-column elementor-element elementor-element-8d91f7f\" data-id=\"8d91f7f\" data-element_type=\"column\" data-e-type=\"column\">\n\t\t\t<div class=\"elementor-widget-wrap elementor-element-populated\">\n\t\t\t\t\t\t<div class=\"elementor-element elementor-element-4542aa1 elementor-widget elementor-widget-spacer\" data-id=\"4542aa1\" data-element_type=\"widget\" data-e-type=\"widget\" data-widget_type=\"spacer.default\">\n\t\t\t\t\t\t\t<div class=\"elementor-spacer\">\n\t\t\t<div class=\"elementor-spacer-inner\"><\/div>\n\t\t<\/div>\n\t\t\t\t\t\t<\/div>\n\t\t\t\t<div class=\"elementor-element elementor-element-b9815f2 elementor-widget elementor-widget-eael-divider\" data-id=\"b9815f2\" data-element_type=\"widget\" data-e-type=\"widget\" data-widget_type=\"eael-divider.default\">\n\t\t\t\t\t\t\t<div class=\"eael-divider-wrap divider-direction-vertical\">\n\t\t\t\t\t\t\t<div class=\"eael-divider vertical\"><\/div>\n\t\t\t\t\t<\/div>\n\t\t\t\t<\/div>\n\t\t\t\t\t<\/div>\n\t\t<\/div>\n\t\t\t\t\t<\/div>\n\t\t<\/section>\n\t\t\t\t<section data-particle_enable=\"false\" data-particle-mobile-disabled=\"false\" class=\"elementor-section elementor-top-section elementor-element elementor-element-a4d2052 elementor-section-boxed elementor-section-height-default elementor-section-height-default elementor-invisible\" data-id=\"a4d2052\" data-element_type=\"section\" data-e-type=\"section\" data-settings=\"{&quot;animation&quot;:&quot;fadeIn&quot;}\">\n\t\t\t\t\t\t<div class=\"elementor-container elementor-column-gap-default\">\n\t\t\t\t\t<div class=\"elementor-column elementor-col-100 elementor-top-column elementor-element elementor-element-0361d6c\" data-id=\"0361d6c\" data-element_type=\"column\" data-e-type=\"column\">\n\t\t\t<div class=\"elementor-widget-wrap elementor-element-populated\">\n\t\t\t\t\t\t<div class=\"elementor-element elementor-element-f7ededc elementor-view-framed elementor-shape-square elementor-position-block-start elementor-mobile-position-block-start elementor-widget elementor-widget-icon-box\" data-id=\"f7ededc\" data-element_type=\"widget\" data-e-type=\"widget\" data-widget_type=\"icon-box.default\">\n\t\t\t\t\t\t\t<div class=\"elementor-icon-box-wrapper\">\n\n\t\t\t\t\t\t<div class=\"elementor-icon-box-icon\">\n\t\t\t\t<span  class=\"elementor-icon elementor-animation-pulse\">\n\t\t\t\t<svg aria-hidden=\"true\" class=\"e-font-icon-svg e-fas-highlighter\" viewBox=\"0 0 544 512\" xmlns=\"http:\/\/www.w3.org\/2000\/svg\"><path d=\"M0 479.98L99.92 512l35.45-35.45-67.04-67.04L0 479.98zm124.61-240.01a36.592 36.592 0 0 0-10.79 38.1l13.05 42.83-50.93 50.94 96.23 96.23 50.86-50.86 42.74 13.08c13.73 4.2 28.65-.01 38.15-10.78l35.55-41.64-173.34-173.34-41.52 35.44zm403.31-160.7l-63.2-63.2c-20.49-20.49-53.38-21.52-75.12-2.35L190.55 183.68l169.77 169.78L530.27 154.4c19.18-21.74 18.15-54.63-2.35-75.13z\"><\/path><\/svg>\t\t\t\t<\/span>\n\t\t\t<\/div>\n\t\t\t\n\t\t\t\t\t\t<div class=\"elementor-icon-box-content\">\n\n\t\t\t\t\t\t\t\t\t<h2 class=\"elementor-icon-box-title\">\n\t\t\t\t\t\t<span  >\n\t\t\t\t\t\t\tWas zeichnet unsere Anwaltskanzlei aus?\t\t\t\t\t\t<\/span>\n\t\t\t\t\t<\/h2>\n\t\t\t\t\n\t\t\t\t\t\t\t\t\t<p class=\"elementor-icon-box-description\">\n\t\t\t\t\t\t<b>Die Anwaltskanzlei von Rechtsanwalt Dr. Rafa\u0142 R. Wasilewski<\/b> wurde mit dem Ziel gegr\u00fcndet, ihren Mandanten professionelle Rechtshilfe zu leisten. Was f\u00fcr uns z\u00e4hlt, ist ein <b>individueller Ansatz, Partnerschaft und Engagement<\/b>. F\u00fcr uns ist das Recht nicht nur ein Instrument, um ein Ziel zu erreichen - <b>das Recht ist unsere Leidenschaft<\/b>, weshalb wir uns st\u00e4ndig <b>weiterbilden<\/b> und \u00fcber das Recht sprechen und schreiben. Wir haben zahlreiche <b>wissenschaftliche Ver\u00f6ffentlichungen, Reden auf wissenschaftlichen und fachlichen Konferenzen und Medienauftritte (Meinungen, Artikel) vorzuweisen. <\/b>Wir arbeiten auch in wissenschaftlichen, juristischen und wirtschaftlichen Organisationen mit, auch in solchen mit internationaler Reichweite   \t\t\t\t\t<\/p>\n\t\t\t\t\n\t\t\t<\/div>\n\t\t\t\n\t\t<\/div>\n\t\t\t\t\t\t<\/div>\n\t\t\t\t<div class=\"elementor-element elementor-element-ace89e6 elementor-widget elementor-widget-eael-divider\" data-id=\"ace89e6\" data-element_type=\"widget\" data-e-type=\"widget\" data-widget_type=\"eael-divider.default\">\n\t\t\t\t\t\t\t<div class=\"eael-divider-wrap divider-direction-horizontal\">\n\t\t\t\t\t\t\t<div class=\"eael-divider horizontal solid\"><\/div>\n\t\t\t\t\t<\/div>\n\t\t\t\t<\/div>\n\t\t\t\t<section data-particle_enable=\"false\" data-particle-mobile-disabled=\"false\" class=\"elementor-section elementor-inner-section elementor-element elementor-element-eb82e57 elementor-section-boxed elementor-section-height-default elementor-section-height-default elementor-invisible\" data-id=\"eb82e57\" data-element_type=\"section\" data-e-type=\"section\" data-settings=\"{&quot;animation&quot;:&quot;fadeIn&quot;}\">\n\t\t\t\t\t\t<div class=\"elementor-container elementor-column-gap-default\">\n\t\t\t\t\t<div class=\"elementor-column elementor-col-50 elementor-inner-column elementor-element elementor-element-29ee33e\" data-id=\"29ee33e\" data-element_type=\"column\" data-e-type=\"column\">\n\t\t\t<div class=\"elementor-widget-wrap elementor-element-populated\">\n\t\t\t\t\t\t<div class=\"elementor-element elementor-element-09106e2 elementor-view-framed elementor-shape-square elementor-position-block-start elementor-mobile-position-block-start elementor-widget elementor-widget-icon-box\" data-id=\"09106e2\" data-element_type=\"widget\" data-e-type=\"widget\" data-widget_type=\"icon-box.default\">\n\t\t\t\t\t\t\t<div class=\"elementor-icon-box-wrapper\">\n\n\t\t\t\t\t\t<div class=\"elementor-icon-box-icon\">\n\t\t\t\t<span  class=\"elementor-icon elementor-animation-pulse-grow\">\n\t\t\t\t<svg aria-hidden=\"true\" class=\"e-font-icon-svg e-fas-user-graduate\" viewBox=\"0 0 448 512\" xmlns=\"http:\/\/www.w3.org\/2000\/svg\"><path d=\"M319.4 320.6L224 416l-95.4-95.4C57.1 323.7 0 382.2 0 454.4v9.6c0 26.5 21.5 48 48 48h352c26.5 0 48-21.5 48-48v-9.6c0-72.2-57.1-130.7-128.6-133.8zM13.6 79.8l6.4 1.5v58.4c-7 4.2-12 11.5-12 20.3 0 8.4 4.6 15.4 11.1 19.7L3.5 242c-1.7 6.9 2.1 14 7.6 14h41.8c5.5 0 9.3-7.1 7.6-14l-15.6-62.3C51.4 175.4 56 168.4 56 160c0-8.8-5-16.1-12-20.3V87.1l66 15.9c-8.6 17.2-14 36.4-14 57 0 70.7 57.3 128 128 128s128-57.3 128-128c0-20.6-5.3-39.8-14-57l96.3-23.2c18.2-4.4 18.2-27.1 0-31.5l-190.4-46c-13-3.1-26.7-3.1-39.7 0L13.6 48.2c-18.1 4.4-18.1 27.2 0 31.6z\"><\/path><\/svg>\t\t\t\t<\/span>\n\t\t\t<\/div>\n\t\t\t\n\t\t\t\t\t\t<div class=\"elementor-icon-box-content\">\n\n\t\t\t\t\t\t\t\t\t<h3 class=\"elementor-icon-box-title\">\n\t\t\t\t\t\t<span  >\n\t\t\t\t\t\t\tWissen und Kompetenz\t\t\t\t\t\t<\/span>\n\t\t\t\t\t<\/h3>\n\t\t\t\t\n\t\t\t\t\n\t\t\t<\/div>\n\t\t\t\n\t\t<\/div>\n\t\t\t\t\t\t<\/div>\n\t\t\t\t<div class=\"elementor-element elementor-element-8085738 elementor-view-framed elementor-shape-square elementor-position-block-start elementor-mobile-position-block-start elementor-widget elementor-widget-icon-box\" data-id=\"8085738\" data-element_type=\"widget\" data-e-type=\"widget\" data-widget_type=\"icon-box.default\">\n\t\t\t\t\t\t\t<div class=\"elementor-icon-box-wrapper\">\n\n\t\t\t\t\t\t<div class=\"elementor-icon-box-icon\">\n\t\t\t\t<span  class=\"elementor-icon elementor-animation-pulse-grow\">\n\t\t\t\t<svg aria-hidden=\"true\" class=\"e-font-icon-svg e-fas-book-open\" viewBox=\"0 0 576 512\" xmlns=\"http:\/\/www.w3.org\/2000\/svg\"><path d=\"M542.22 32.05c-54.8 3.11-163.72 14.43-230.96 55.59-4.64 2.84-7.27 7.89-7.27 13.17v363.87c0 11.55 12.63 18.85 23.28 13.49 69.18-34.82 169.23-44.32 218.7-46.92 16.89-.89 30.02-14.43 30.02-30.66V62.75c.01-17.71-15.35-31.74-33.77-30.7zM264.73 87.64C197.5 46.48 88.58 35.17 33.78 32.05 15.36 31.01 0 45.04 0 62.75V400.6c0 16.24 13.13 29.78 30.02 30.66 49.49 2.6 149.59 12.11 218.77 46.95 10.62 5.35 23.21-1.94 23.21-13.46V100.63c0-5.29-2.62-10.14-7.27-12.99z\"><\/path><\/svg>\t\t\t\t<\/span>\n\t\t\t<\/div>\n\t\t\t\n\t\t\t\t\t\t<div class=\"elementor-icon-box-content\">\n\n\t\t\t\t\t\t\t\t\t<h3 class=\"elementor-icon-box-title\">\n\t\t\t\t\t\t<span  >\n\t\t\t\t\t\t\tWissenschaftliche und Expertent\u00e4tigkeiten\t\t\t\t\t\t<\/span>\n\t\t\t\t\t<\/h3>\n\t\t\t\t\n\t\t\t\t\n\t\t\t<\/div>\n\t\t\t\n\t\t<\/div>\n\t\t\t\t\t\t<\/div>\n\t\t\t\t<div class=\"elementor-element elementor-element-e22dfb8 elementor-view-framed elementor-shape-square elementor-position-block-start elementor-mobile-position-block-start elementor-widget elementor-widget-icon-box\" data-id=\"e22dfb8\" data-element_type=\"widget\" data-e-type=\"widget\" data-widget_type=\"icon-box.default\">\n\t\t\t\t\t\t\t<div class=\"elementor-icon-box-wrapper\">\n\n\t\t\t\t\t\t<div class=\"elementor-icon-box-icon\">\n\t\t\t\t<span  class=\"elementor-icon elementor-animation-pulse-grow\">\n\t\t\t\t<svg aria-hidden=\"true\" class=\"e-font-icon-svg e-fas-shield-alt\" viewBox=\"0 0 512 512\" xmlns=\"http:\/\/www.w3.org\/2000\/svg\"><path d=\"M466.5 83.7l-192-80a48.15 48.15 0 0 0-36.9 0l-192 80C27.7 91.1 16 108.6 16 128c0 198.5 114.5 335.7 221.5 380.3 11.8 4.9 25.1 4.9 36.9 0C360.1 472.6 496 349.3 496 128c0-19.4-11.7-36.9-29.5-44.3zM256.1 446.3l-.1-381 175.9 73.3c-3.3 151.4-82.1 261.1-175.8 307.7z\"><\/path><\/svg>\t\t\t\t<\/span>\n\t\t\t<\/div>\n\t\t\t\n\t\t\t\t\t\t<div class=\"elementor-icon-box-content\">\n\n\t\t\t\t\t\t\t\t\t<h3 class=\"elementor-icon-box-title\">\n\t\t\t\t\t\t<span  >\n\t\t\t\t\t\t\tHaftpflichtversicherung (\u00fcber die Pflichtversicherung hinaus)\t\t\t\t\t\t<\/span>\n\t\t\t\t\t<\/h3>\n\t\t\t\t\n\t\t\t\t\n\t\t\t<\/div>\n\t\t\t\n\t\t<\/div>\n\t\t\t\t\t\t<\/div>\n\t\t\t\t\t<\/div>\n\t\t<\/div>\n\t\t\t\t<div class=\"elementor-column elementor-col-50 elementor-inner-column elementor-element elementor-element-db21e31\" data-id=\"db21e31\" data-element_type=\"column\" data-e-type=\"column\">\n\t\t\t<div class=\"elementor-widget-wrap elementor-element-populated\">\n\t\t\t\t\t\t<div class=\"elementor-element elementor-element-1e9475d elementor-view-framed elementor-shape-square elementor-position-block-start elementor-mobile-position-block-start elementor-widget elementor-widget-icon-box\" data-id=\"1e9475d\" data-element_type=\"widget\" data-e-type=\"widget\" data-widget_type=\"icon-box.default\">\n\t\t\t\t\t\t\t<div class=\"elementor-icon-box-wrapper\">\n\n\t\t\t\t\t\t<div class=\"elementor-icon-box-icon\">\n\t\t\t\t<span  class=\"elementor-icon elementor-animation-pulse-grow\">\n\t\t\t\t<svg aria-hidden=\"true\" class=\"e-font-icon-svg e-far-star\" viewBox=\"0 0 576 512\" xmlns=\"http:\/\/www.w3.org\/2000\/svg\"><path d=\"M528.1 171.5L382 150.2 316.7 17.8c-11.7-23.6-45.6-23.9-57.4 0L194 150.2 47.9 171.5c-26.2 3.8-36.7 36.1-17.7 54.6l105.7 103-25 145.5c-4.5 26.3 23.2 46 46.4 33.7L288 439.6l130.7 68.7c23.2 12.2 50.9-7.4 46.4-33.7l-25-145.5 105.7-103c19-18.5 8.5-50.8-17.7-54.6zM388.6 312.3l23.7 138.4L288 385.4l-124.3 65.3 23.7-138.4-100.6-98 139-20.2 62.2-126 62.2 126 139 20.2-100.6 98z\"><\/path><\/svg>\t\t\t\t<\/span>\n\t\t\t<\/div>\n\t\t\t\n\t\t\t\t\t\t<div class=\"elementor-icon-box-content\">\n\n\t\t\t\t\t\t\t\t\t<h3 class=\"elementor-icon-box-title\">\n\t\t\t\t\t\t<span  >\n\t\t\t\t\t\t\tLeidenschaft f\u00fcr das Recht\t\t\t\t\t\t<\/span>\n\t\t\t\t\t<\/h3>\n\t\t\t\t\n\t\t\t\t\n\t\t\t<\/div>\n\t\t\t\n\t\t<\/div>\n\t\t\t\t\t\t<\/div>\n\t\t\t\t<div class=\"elementor-element elementor-element-e1bca9b elementor-view-framed elementor-shape-square elementor-position-block-start elementor-mobile-position-block-start elementor-widget elementor-widget-icon-box\" data-id=\"e1bca9b\" data-element_type=\"widget\" data-e-type=\"widget\" data-widget_type=\"icon-box.default\">\n\t\t\t\t\t\t\t<div class=\"elementor-icon-box-wrapper\">\n\n\t\t\t\t\t\t<div class=\"elementor-icon-box-icon\">\n\t\t\t\t<span  class=\"elementor-icon elementor-animation-pulse-grow\">\n\t\t\t\t<svg aria-hidden=\"true\" class=\"e-font-icon-svg e-fas-handshake\" viewBox=\"0 0 640 512\" xmlns=\"http:\/\/www.w3.org\/2000\/svg\"><path d=\"M434.7 64h-85.9c-8 0-15.7 3-21.6 8.4l-98.3 90c-.1.1-.2.3-.3.4-16.6 15.6-16.3 40.5-2.1 56 12.7 13.9 39.4 17.6 56.1 2.7.1-.1.3-.1.4-.2l79.9-73.2c6.5-5.9 16.7-5.5 22.6 1 6 6.5 5.5 16.6-1 22.6l-26.1 23.9L504 313.8c2.9 2.4 5.5 5 7.9 7.7V128l-54.6-54.6c-5.9-6-14.1-9.4-22.6-9.4zM544 128.2v223.9c0 17.7 14.3 32 32 32h64V128.2h-96zm48 223.9c-8.8 0-16-7.2-16-16s7.2-16 16-16 16 7.2 16 16-7.2 16-16 16zM0 384h64c17.7 0 32-14.3 32-32V128.2H0V384zm48-63.9c8.8 0 16 7.2 16 16s-7.2 16-16 16-16-7.2-16-16c0-8.9 7.2-16 16-16zm435.9 18.6L334.6 217.5l-30 27.5c-29.7 27.1-75.2 24.5-101.7-4.4-26.9-29.4-24.8-74.9 4.4-101.7L289.1 64h-83.8c-8.5 0-16.6 3.4-22.6 9.4L128 128v223.9h18.3l90.5 81.9c27.4 22.3 67.7 18.1 90-9.3l.2-.2 17.9 15.5c15.9 13 39.4 10.5 52.3-5.4l31.4-38.6 5.4 4.4c13.7 11.1 33.9 9.1 45-4.7l9.5-11.7c11.2-13.8 9.1-33.9-4.6-45.1z\"><\/path><\/svg>\t\t\t\t<\/span>\n\t\t\t<\/div>\n\t\t\t\n\t\t\t\t\t\t<div class=\"elementor-icon-box-content\">\n\n\t\t\t\t\t\t\t\t\t<h3 class=\"elementor-icon-box-title\">\n\t\t\t\t\t\t<span  >\n\t\t\t\t\t\t\tPartnerschaft und Engagement\t\t\t\t\t\t<\/span>\n\t\t\t\t\t<\/h3>\n\t\t\t\t\n\t\t\t\t\n\t\t\t<\/div>\n\t\t\t\n\t\t<\/div>\n\t\t\t\t\t\t<\/div>\n\t\t\t\t<div class=\"elementor-element elementor-element-50ae9ac elementor-view-framed elementor-shape-square elementor-position-block-start elementor-mobile-position-block-start elementor-widget elementor-widget-icon-box\" data-id=\"50ae9ac\" data-element_type=\"widget\" data-e-type=\"widget\" data-widget_type=\"icon-box.default\">\n\t\t\t\t\t\t\t<div class=\"elementor-icon-box-wrapper\">\n\n\t\t\t\t\t\t<div class=\"elementor-icon-box-icon\">\n\t\t\t\t<span  class=\"elementor-icon elementor-animation-pulse-grow\">\n\t\t\t\t<svg aria-hidden=\"true\" class=\"e-font-icon-svg e-fas-laptop\" viewBox=\"0 0 640 512\" xmlns=\"http:\/\/www.w3.org\/2000\/svg\"><path d=\"M624 416H381.54c-.74 19.81-14.71 32-32.74 32H288c-18.69 0-33.02-17.47-32.77-32H16c-8.8 0-16 7.2-16 16v16c0 35.2 28.8 64 64 64h512c35.2 0 64-28.8 64-64v-16c0-8.8-7.2-16-16-16zM576 48c0-26.4-21.6-48-48-48H112C85.6 0 64 21.6 64 48v336h512V48zm-64 272H128V64h384v256z\"><\/path><\/svg>\t\t\t\t<\/span>\n\t\t\t<\/div>\n\t\t\t\n\t\t\t\t\t\t<div class=\"elementor-icon-box-content\">\n\n\t\t\t\t\t\t\t\t\t<h3 class=\"elementor-icon-box-title\">\n\t\t\t\t\t\t<span  >\n\t\t\t\t\t\t\tCMR-System\t\t\t\t\t\t<\/span>\n\t\t\t\t\t<\/h3>\n\t\t\t\t\n\t\t\t\t\n\t\t\t<\/div>\n\t\t\t\n\t\t<\/div>\n\t\t\t\t\t\t<\/div>\n\t\t\t\t\t<\/div>\n\t\t<\/div>\n\t\t\t\t\t<\/div>\n\t\t<\/section>\n\t\t\t\t\t<\/div>\n\t\t<\/div>\n\t\t\t\t\t<\/div>\n\t\t<\/section>\n\t\t\t\t<section data-particle_enable=\"false\" data-particle-mobile-disabled=\"false\" class=\"elementor-section elementor-top-section elementor-element elementor-element-0bc8160 elementor-section-boxed elementor-section-height-default elementor-section-height-default\" data-id=\"0bc8160\" data-element_type=\"section\" data-e-type=\"section\">\n\t\t\t\t\t\t<div class=\"elementor-container elementor-column-gap-default\">\n\t\t\t\t\t<div class=\"elementor-column elementor-col-100 elementor-top-column elementor-element elementor-element-7a02d3f\" data-id=\"7a02d3f\" data-element_type=\"column\" data-e-type=\"column\">\n\t\t\t<div class=\"elementor-widget-wrap elementor-element-populated\">\n\t\t\t\t\t\t<div class=\"elementor-element elementor-element-a18ac75 elementor-widget elementor-widget-spacer\" data-id=\"a18ac75\" data-element_type=\"widget\" data-e-type=\"widget\" data-widget_type=\"spacer.default\">\n\t\t\t\t\t\t\t<div class=\"elementor-spacer\">\n\t\t\t<div class=\"elementor-spacer-inner\"><\/div>\n\t\t<\/div>\n\t\t\t\t\t\t<\/div>\n\t\t\t\t<div class=\"elementor-element elementor-element-3f13343 elementor-widget elementor-widget-eael-divider\" data-id=\"3f13343\" data-element_type=\"widget\" data-e-type=\"widget\" data-widget_type=\"eael-divider.default\">\n\t\t\t\t\t\t\t<div class=\"eael-divider-wrap divider-direction-vertical\">\n\t\t\t\t\t\t\t<div class=\"eael-divider vertical\"><\/div>\n\t\t\t\t\t<\/div>\n\t\t\t\t<\/div>\n\t\t\t\t\t<\/div>\n\t\t<\/div>\n\t\t\t\t\t<\/div>\n\t\t<\/section>\n\t\t\t\t<section data-particle_enable=\"false\" data-particle-mobile-disabled=\"false\" class=\"elementor-section elementor-top-section elementor-element elementor-element-f25a618 elementor-section-boxed elementor-section-height-default elementor-section-height-default elementor-invisible\" data-id=\"f25a618\" data-element_type=\"section\" data-e-type=\"section\" data-settings=\"{&quot;animation&quot;:&quot;fadeIn&quot;}\">\n\t\t\t\t\t\t<div class=\"elementor-container elementor-column-gap-default\">\n\t\t\t\t\t<div class=\"elementor-column elementor-col-100 elementor-top-column elementor-element elementor-element-6bde1ee\" data-id=\"6bde1ee\" data-element_type=\"column\" data-e-type=\"column\">\n\t\t\t<div class=\"elementor-widget-wrap elementor-element-populated\">\n\t\t\t\t\t\t<div class=\"elementor-element elementor-element-38c7679 elementor-view-framed elementor-shape-square elementor-position-block-start elementor-mobile-position-block-start elementor-widget elementor-widget-icon-box\" data-id=\"38c7679\" data-element_type=\"widget\" data-e-type=\"widget\" data-widget_type=\"icon-box.default\">\n\t\t\t\t\t\t\t<div class=\"elementor-icon-box-wrapper\">\n\n\t\t\t\t\t\t<div class=\"elementor-icon-box-icon\">\n\t\t\t\t<span  class=\"elementor-icon elementor-animation-pulse\">\n\t\t\t\t<svg aria-hidden=\"true\" class=\"e-font-icon-svg e-fas-users\" viewBox=\"0 0 640 512\" xmlns=\"http:\/\/www.w3.org\/2000\/svg\"><path d=\"M96 224c35.3 0 64-28.7 64-64s-28.7-64-64-64-64 28.7-64 64 28.7 64 64 64zm448 0c35.3 0 64-28.7 64-64s-28.7-64-64-64-64 28.7-64 64 28.7 64 64 64zm32 32h-64c-17.6 0-33.5 7.1-45.1 18.6 40.3 22.1 68.9 62 75.1 109.4h66c17.7 0 32-14.3 32-32v-32c0-35.3-28.7-64-64-64zm-256 0c61.9 0 112-50.1 112-112S381.9 32 320 32 208 82.1 208 144s50.1 112 112 112zm76.8 32h-8.3c-20.8 10-43.9 16-68.5 16s-47.6-6-68.5-16h-8.3C179.6 288 128 339.6 128 403.2V432c0 26.5 21.5 48 48 48h288c26.5 0 48-21.5 48-48v-28.8c0-63.6-51.6-115.2-115.2-115.2zm-223.7-13.4C161.5 263.1 145.6 256 128 256H64c-35.3 0-64 28.7-64 64v32c0 17.7 14.3 32 32 32h65.9c6.3-47.4 34.9-87.3 75.2-109.4z\"><\/path><\/svg>\t\t\t\t<\/span>\n\t\t\t<\/div>\n\t\t\t\n\t\t\t\t\t\t<div class=\"elementor-icon-box-content\">\n\n\t\t\t\t\t\t\t\t\t<h2 class=\"elementor-icon-box-title\">\n\t\t\t\t\t\t<span  >\n\t\t\t\t\t\t\tUnser Team\t\t\t\t\t\t<\/span>\n\t\t\t\t\t<\/h2>\n\t\t\t\t\n\t\t\t\t\t\t\t\t\t<p class=\"elementor-icon-box-description\">\n\t\t\t\t\t\tIn unserer <b>Anwaltskanzlei<\/b> dreht sich alles um Menschen. Die Kompetenz, Erfahrung und F\u00e4higkeiten beeinflussen das Niveau unserer juristischen Dienstleistungen. Neben unserem festen Team arbeitet unsere Kanzlei mit Rechtsanw\u00e4lten, Steuerberatern, Patentanw\u00e4lten und anderen Rechtsexperten in Polen und im Ausland zusammen  \t\t\t\t\t<\/p>\n\t\t\t\t\n\t\t\t<\/div>\n\t\t\t\n\t\t<\/div>\n\t\t\t\t\t\t<\/div>\n\t\t\t\t<div class=\"elementor-element elementor-element-45278e5 elementor-widget elementor-widget-eael-divider\" data-id=\"45278e5\" data-element_type=\"widget\" data-e-type=\"widget\" data-widget_type=\"eael-divider.default\">\n\t\t\t\t\t\t\t<div class=\"eael-divider-wrap divider-direction-horizontal\">\n\t\t\t\t\t\t\t<div class=\"eael-divider horizontal solid\"><\/div>\n\t\t\t\t\t<\/div>\n\t\t\t\t<\/div>\n\t\t\t\t<section data-particle_enable=\"false\" data-particle-mobile-disabled=\"false\" class=\"elementor-section elementor-inner-section elementor-element elementor-element-d9c35e5 elementor-section-boxed elementor-section-height-default elementor-section-height-default elementor-invisible\" data-id=\"d9c35e5\" data-element_type=\"section\" data-e-type=\"section\" data-settings=\"{&quot;animation&quot;:&quot;fadeIn&quot;}\">\n\t\t\t\t\t\t<div class=\"elementor-container elementor-column-gap-default\">\n\t\t\t\t\t<div class=\"elementor-column elementor-col-100 elementor-inner-column elementor-element elementor-element-d66e0eb\" data-id=\"d66e0eb\" data-element_type=\"column\" data-e-type=\"column\">\n\t\t\t<div class=\"elementor-widget-wrap elementor-element-populated\">\n\t\t\t\t\t\t<div class=\"elementor-element elementor-element-86ba02d elementor-position-left elementor-vertical-align-top elementor-widget elementor-widget-image-box\" data-id=\"86ba02d\" data-element_type=\"widget\" data-e-type=\"widget\" data-widget_type=\"image-box.default\">\n\t\t\t\t\t<div class=\"elementor-image-box-wrapper\"><figure class=\"elementor-image-box-img\"><img fetchpriority=\"high\" decoding=\"async\" width=\"1707\" height=\"2560\" src=\"https:\/\/radcawasilewski.pl\/wp-content\/uploads\/2021\/02\/kancelaria-radca-prawny-dr-wasilewski-3-scaled.jpg\" class=\"attachment-full size-full wp-image-4464\" alt=\"\" srcset=\"https:\/\/radcawasilewski.pl\/wp-content\/uploads\/2021\/02\/kancelaria-radca-prawny-dr-wasilewski-3-scaled.jpg 1707w, https:\/\/radcawasilewski.pl\/wp-content\/uploads\/2021\/02\/kancelaria-radca-prawny-dr-wasilewski-3-200x300.jpg 200w, https:\/\/radcawasilewski.pl\/wp-content\/uploads\/2021\/02\/kancelaria-radca-prawny-dr-wasilewski-3-683x1024.jpg 683w, https:\/\/radcawasilewski.pl\/wp-content\/uploads\/2021\/02\/kancelaria-radca-prawny-dr-wasilewski-3-768x1152.jpg 768w, https:\/\/radcawasilewski.pl\/wp-content\/uploads\/2021\/02\/kancelaria-radca-prawny-dr-wasilewski-3-1024x1536.jpg 1024w, https:\/\/radcawasilewski.pl\/wp-content\/uploads\/2021\/02\/kancelaria-radca-prawny-dr-wasilewski-3-1365x2048.jpg 1365w\" sizes=\"(max-width: 1707px) 100vw, 1707px\" \/><\/figure><div class=\"elementor-image-box-content\"><h3 class=\"elementor-image-box-title\">Dr Rafa\u0142 R. Wasilewski - Rechtsanwalt (Pol. radca prawny)<\/h3><p class=\"elementor-image-box-description\"><b>Rechtsanwalt Rafa\u0142 R. Wasilewski<\/b> ist Absolvent der Fakult\u00e4t f\u00fcr Recht und Verwaltung der Universit\u00e4t Szczecin - er hat <b>seinen Master of Law<\/b> mit einer sehr guten Note und einer Auszeichnung f\u00fcr wissenschaftliche T\u00e4tigkeit erworben. W\u00e4hrend seines Studiums nahm er an einem ausl\u00e4ndischen Studentenaustauschprogramm ERASMUS (Juristische Fakult\u00e4t der Universit\u00e4t Rostock, Deutschland) teil und absolvierte ein Semester lang ein Studium der Grundlagen des deutschen Rechts an der Juristischen Fakult\u00e4t der Humboldt-Universit\u00e4t zu Berlin, Deutschland. Gleich nach seinem Masterabschluss nahm er ein Promotionsstudium an der Fakult\u00e4t f\u00fcr Recht und Verwaltung der Universit\u00e4t Szczecin auf, das er mit sehr guten Ergebnissen abschloss. Au\u00dferdem absolvierte er ein Aufbaustudium im Bereich \u00f6ffentliches Auftragswesen (Adam-Mickiewicz-Universit\u00e4t in Pozna\u0144). Er <b>promovierte<\/b> im Fachbereich Recht auf der Grundlage seiner Dissertation Beweisverfahren vor dem Pr\u00e4sidenten des Amtes f\u00fcr Wettbewerb und Verbraucherschutz. Von 2019 bis 2022 war er als Assistenzprofessor f\u00fcr \u00f6ffentliches Wirtschaftsrecht an der Fakult\u00e4t f\u00fcr Recht und Verwaltung der Universit\u00e4t Szczecin t\u00e4tig. Anschlie\u00dfend war er Dozent f\u00fcr Postgraduiertenstudien (2022), Ausbilder in Kursen\/Ausbildung (ab 2022). Im Jahr 2023 war er Dozent f\u00fcr ausgew\u00e4hlte zivilprozessuale Themen im Rahmen der kuratorischen Ausbildung (Akademie der Justiz in Warschau). Er sammelte juristische Erfahrung in Polen und Deutschland bei Gerichten, Verwaltungsbeh\u00f6rden, Anwaltskanzleien und Unternehmen. Er gr\u00fcndete seine Anwaltskanzlei im Jahr 2019. RA Wasilewski spricht flie\u00dfend Deutsch und auch Englisch. Als <b>Rechtsanwalt<\/b> ist er in die Liste der Rechtsanw\u00e4lten eingetragen, die von der Regionalen Rechtsanwaltskammer in Stettin gef\u00fchrt wird.           <\/p><\/div><\/div>\t\t\t\t<\/div>\n\t\t\t\t<div class=\"elementor-element elementor-element-bc0eba6 elementor-shape-square elementor-grid-1 e-grid-align-center elementor-widget elementor-widget-social-icons\" data-id=\"bc0eba6\" data-element_type=\"widget\" data-e-type=\"widget\" data-widget_type=\"social-icons.default\">\n\t\t\t\t\t\t\t<div class=\"elementor-social-icons-wrapper elementor-grid\">\n\t\t\t\t\t\t\t<span class=\"elementor-grid-item\">\n\t\t\t\t\t<a class=\"elementor-icon elementor-social-icon elementor-social-icon-linkedin elementor-animation-grow elementor-repeater-item-69648bb\" href=\"https:\/\/www.linkedin.com\/in\/rw90\/\" target=\"_blank\">\n\t\t\t\t\t\t<span class=\"elementor-screen-only\">Linkedin<\/span>\n\t\t\t\t\t\t<svg aria-hidden=\"true\" class=\"e-font-icon-svg e-fab-linkedin\" viewBox=\"0 0 448 512\" xmlns=\"http:\/\/www.w3.org\/2000\/svg\"><path d=\"M416 32H31.9C14.3 32 0 46.5 0 64.3v383.4C0 465.5 14.3 480 31.9 480H416c17.6 0 32-14.5 32-32.3V64.3c0-17.8-14.4-32.3-32-32.3zM135.4 416H69V202.2h66.5V416zm-33.2-243c-21.3 0-38.5-17.3-38.5-38.5S80.9 96 102.2 96c21.2 0 38.5 17.3 38.5 38.5 0 21.3-17.2 38.5-38.5 38.5zm282.1 243h-66.4V312c0-24.8-.5-56.7-34.5-56.7-34.6 0-39.9 27-39.9 54.9V416h-66.4V202.2h63.7v29.2h.9c8.9-16.8 30.6-34.5 62.9-34.5 67.2 0 79.7 44.3 79.7 101.9V416z\"><\/path><\/svg>\t\t\t\t\t<\/a>\n\t\t\t\t<\/span>\n\t\t\t\t\t<\/div>\n\t\t\t\t\t\t<\/div>\n\t\t\t\t\t<\/div>\n\t\t<\/div>\n\t\t\t\t\t<\/div>\n\t\t<\/section>\n\t\t\t\t\t<\/div>\n\t\t<\/div>\n\t\t\t\t\t<\/div>\n\t\t<\/section>\n\t\t\t\t<section data-particle_enable=\"false\" data-particle-mobile-disabled=\"false\" class=\"elementor-section elementor-top-section elementor-element elementor-element-76856cc elementor-section-boxed elementor-section-height-default elementor-section-height-default\" data-id=\"76856cc\" data-element_type=\"section\" data-e-type=\"section\">\n\t\t\t\t\t\t<div class=\"elementor-container elementor-column-gap-default\">\n\t\t\t\t\t<div class=\"elementor-column elementor-col-100 elementor-top-column elementor-element elementor-element-86d0d6e\" data-id=\"86d0d6e\" data-element_type=\"column\" data-e-type=\"column\">\n\t\t\t<div class=\"elementor-widget-wrap elementor-element-populated\">\n\t\t\t\t\t\t<div class=\"elementor-element elementor-element-6fa6459 elementor-widget elementor-widget-spacer\" data-id=\"6fa6459\" data-element_type=\"widget\" data-e-type=\"widget\" data-widget_type=\"spacer.default\">\n\t\t\t\t\t\t\t<div class=\"elementor-spacer\">\n\t\t\t<div class=\"elementor-spacer-inner\"><\/div>\n\t\t<\/div>\n\t\t\t\t\t\t<\/div>\n\t\t\t\t<div class=\"elementor-element elementor-element-be709b2 elementor-widget elementor-widget-eael-divider\" data-id=\"be709b2\" data-element_type=\"widget\" data-e-type=\"widget\" data-widget_type=\"eael-divider.default\">\n\t\t\t\t\t\t\t<div class=\"eael-divider-wrap divider-direction-vertical\">\n\t\t\t\t\t\t\t<div class=\"eael-divider vertical\"><\/div>\n\t\t\t\t\t<\/div>\n\t\t\t\t<\/div>\n\t\t\t\t\t<\/div>\n\t\t<\/div>\n\t\t\t\t\t<\/div>\n\t\t<\/section>\n\t\t\t\t<section data-particle_enable=\"false\" data-particle-mobile-disabled=\"false\" class=\"elementor-section elementor-top-section elementor-element elementor-element-7557eed elementor-section-boxed elementor-section-height-default elementor-section-height-default elementor-invisible\" data-id=\"7557eed\" data-element_type=\"section\" data-e-type=\"section\" data-settings=\"{&quot;animation&quot;:&quot;fadeIn&quot;}\">\n\t\t\t\t\t\t<div class=\"elementor-container elementor-column-gap-default\">\n\t\t\t\t\t<div class=\"elementor-column elementor-col-100 elementor-top-column elementor-element elementor-element-dec6dbe\" data-id=\"dec6dbe\" data-element_type=\"column\" data-e-type=\"column\">\n\t\t\t<div class=\"elementor-widget-wrap elementor-element-populated\">\n\t\t\t\t\t\t<div class=\"elementor-element elementor-element-183dea8 elementor-view-framed elementor-shape-square elementor-position-block-start elementor-mobile-position-block-start elementor-widget elementor-widget-icon-box\" data-id=\"183dea8\" data-element_type=\"widget\" data-e-type=\"widget\" data-widget_type=\"icon-box.default\">\n\t\t\t\t\t\t\t<div class=\"elementor-icon-box-wrapper\">\n\n\t\t\t\t\t\t<div class=\"elementor-icon-box-icon\">\n\t\t\t\t<span  class=\"elementor-icon elementor-animation-pulse\">\n\t\t\t\t<svg aria-hidden=\"true\" class=\"e-font-icon-svg e-fas-book-open\" viewBox=\"0 0 576 512\" xmlns=\"http:\/\/www.w3.org\/2000\/svg\"><path d=\"M542.22 32.05c-54.8 3.11-163.72 14.43-230.96 55.59-4.64 2.84-7.27 7.89-7.27 13.17v363.87c0 11.55 12.63 18.85 23.28 13.49 69.18-34.82 169.23-44.32 218.7-46.92 16.89-.89 30.02-14.43 30.02-30.66V62.75c.01-17.71-15.35-31.74-33.77-30.7zM264.73 87.64C197.5 46.48 88.58 35.17 33.78 32.05 15.36 31.01 0 45.04 0 62.75V400.6c0 16.24 13.13 29.78 30.02 30.66 49.49 2.6 149.59 12.11 218.77 46.95 10.62 5.35 23.21-1.94 23.21-13.46V100.63c0-5.29-2.62-10.14-7.27-12.99z\"><\/path><\/svg>\t\t\t\t<\/span>\n\t\t\t<\/div>\n\t\t\t\n\t\t\t\t\t\t<div class=\"elementor-icon-box-content\">\n\n\t\t\t\t\t\t\t\t\t<h2 class=\"elementor-icon-box-title\">\n\t\t\t\t\t\t<span  >\n\t\t\t\t\t\t\tVer\u00f6ffentlichungen\t\t\t\t\t\t<\/span>\n\t\t\t\t\t<\/h2>\n\t\t\t\t\n\t\t\t\t\t\t\t\t\t<p class=\"elementor-icon-box-description\">\n\t\t\t\t\t\tUnser Kanzleiteam tr\u00e4gt aktiv zum juristischen Diskurs bei und pr\u00e4gt die Rechtslehre durch zahlreiche wissenschaftliche Ver\u00f6ffentlichungen. <b>Wissenschaftliche Ver\u00f6ffentlichungen <\/b>in renommierten juristischen Fachzeitschriften und anerkannten juristischen Fachpublikationen sind eine Best\u00e4tigung daf\u00fcr, dass wir das Recht genau kennen und bereit sind, \u00f6ffentlich dazu Stellung zu nehmen, wobei wir oft auf bestehende Probleme hinweisen und f\u00fcr Gesetzes\u00e4nderungen eintreten. Gleichzeitig sind wir uns der Tatsache bewusst, dass das Wissen \u00fcber das Recht, das nur in wissenschaftlichen Werken enthalten ist, f\u00fcr die breite \u00d6ffentlichkeit wenig praktische Bedeutung hat. Zu unserer t\u00e4glichen Arbeit geh\u00f6rt auch die Popularisierung von Wissen \u00fcber das Recht. Als Experten beschreiben wir Gesetzes\u00e4nderungen, kommentieren die wichtigsten Gerichtsurteile, erl\u00e4utern das Recht in der Praxis und geben <b>in der Presse - sowohl in der traditionellen Presse<\/b> als auch in den sozialen Medien oder \u00fcber Nachrichten- und Fach-\/Branchenportale - Stellungnahmen zu bestimmten Rechtsfragen ab.   &nbsp;\t\t\t\t\t<\/p>\n\t\t\t\t\n\t\t\t<\/div>\n\t\t\t\n\t\t<\/div>\n\t\t\t\t\t\t<\/div>\n\t\t\t\t<div class=\"elementor-element elementor-element-6906f23 elementor-widget elementor-widget-eael-divider\" data-id=\"6906f23\" data-element_type=\"widget\" data-e-type=\"widget\" data-widget_type=\"eael-divider.default\">\n\t\t\t\t\t\t\t<div class=\"eael-divider-wrap divider-direction-horizontal\">\n\t\t\t\t\t\t\t<div class=\"eael-divider horizontal solid\"><\/div>\n\t\t\t\t\t<\/div>\n\t\t\t\t<\/div>\n\t\t\t\t<section data-particle_enable=\"false\" data-particle-mobile-disabled=\"false\" class=\"elementor-section elementor-inner-section elementor-element elementor-element-e2b2de9 elementor-section-boxed elementor-section-height-default elementor-section-height-default\" data-id=\"e2b2de9\" data-element_type=\"section\" data-e-type=\"section\">\n\t\t\t\t\t\t<div class=\"elementor-container elementor-column-gap-default\">\n\t\t\t\t\t<div class=\"elementor-column elementor-col-50 elementor-inner-column elementor-element elementor-element-9e2fa29 elementor-invisible\" data-id=\"9e2fa29\" data-element_type=\"column\" data-e-type=\"column\" data-settings=\"{&quot;animation&quot;:&quot;fadeInLeft&quot;}\">\n\t\t\t<div class=\"elementor-widget-wrap elementor-element-populated\">\n\t\t\t\t\t\t<div class=\"elementor-element elementor-element-d822481 elementor-view-framed elementor-shape-square elementor-position-block-start elementor-mobile-position-block-start elementor-widget elementor-widget-icon-box\" data-id=\"d822481\" data-element_type=\"widget\" data-e-type=\"widget\" data-widget_type=\"icon-box.default\">\n\t\t\t\t\t\t\t<div class=\"elementor-icon-box-wrapper\">\n\n\t\t\t\t\t\t<div class=\"elementor-icon-box-icon\">\n\t\t\t\t<span  class=\"elementor-icon elementor-animation-pulse-grow\">\n\t\t\t\t<svg aria-hidden=\"true\" class=\"e-font-icon-svg e-fas-book\" viewBox=\"0 0 448 512\" xmlns=\"http:\/\/www.w3.org\/2000\/svg\"><path d=\"M448 360V24c0-13.3-10.7-24-24-24H96C43 0 0 43 0 96v320c0 53 43 96 96 96h328c13.3 0 24-10.7 24-24v-16c0-7.5-3.5-14.3-8.9-18.7-4.2-15.4-4.2-59.3 0-74.7 5.4-4.3 8.9-11.1 8.9-18.6zM128 134c0-3.3 2.7-6 6-6h212c3.3 0 6 2.7 6 6v20c0 3.3-2.7 6-6 6H134c-3.3 0-6-2.7-6-6v-20zm0 64c0-3.3 2.7-6 6-6h212c3.3 0 6 2.7 6 6v20c0 3.3-2.7 6-6 6H134c-3.3 0-6-2.7-6-6v-20zm253.4 250H96c-17.7 0-32-14.3-32-32 0-17.6 14.4-32 32-32h285.4c-1.9 17.1-1.9 46.9 0 64z\"><\/path><\/svg>\t\t\t\t<\/span>\n\t\t\t<\/div>\n\t\t\t\n\t\t\t\t\t\t<div class=\"elementor-icon-box-content\">\n\n\t\t\t\t\t\t\t\t\t<h3 class=\"elementor-icon-box-title\">\n\t\t\t\t\t\t<span  >\n\t\t\t\t\t\t\tWissenschaftliche Ver\u00f6ffentlichungen:\t\t\t\t\t\t<\/span>\n\t\t\t\t\t<\/h3>\n\t\t\t\t\n\t\t\t\t\n\t\t\t<\/div>\n\t\t\t\n\t\t<\/div>\n\t\t\t\t\t\t<\/div>\n\t\t\t\t<div class=\"elementor-element elementor-element-ce4fbbe elementor-widget elementor-widget-text-editor\" data-id=\"ce4fbbe\" data-element_type=\"widget\" data-e-type=\"widget\" data-widget_type=\"text-editor.default\">\n\t\t\t\t\t\t\t\t\t<ol><li>R.R. Wasilewski, <i>Relacja zasad procesowych Prawa przedsi\u0119biorc\u00f3w oraz og\u00f3lnych zasad Kodeksu post\u0119powania administracyjnego <\/i>, Pa\u0144stwo i Prawo 2022, nr 12<\/li><li>R.R. Wasilewski, <i>Ugoda w sprawie odwo\u0142ania do Sa\u0328du Ochrony Konkurencji i Konsumento\u0301w \u2013 zagadnienia wybrane<\/i>, internetowy Kwartalnik Antymonopolowy i Regulacyjny 2022, nr 3<\/li><li>R.R. Wasilewski, <i>Za\u017calenie poziome przed s\u0105dem rejonowym jako s\u0105dem I instancji \u2013 wnioski de lege lata oraz postulaty de lege ferenda na temat koszt\u00f3w zast\u0119pstwa procesowego<\/i>, Przegl\u0105d Legislacyjny 2022, nr 4<\/li><li>R.R. Wasilewski, <i><span lang=\"EN-US\">The dilemmas of the judicial review of economic administration on the example of Polish law<\/span><\/i>, [w:] <i><span lang=\"EN-US\">Administrative Corpus Juris between Implementation, Reforms and Continuos Developments, <\/span><\/i><span lang=\"EN-US\">Hrsg. S. Flogatis, C.-S. Sararu, ADJURIS, <\/span><span lang=\"EN-GB\">Bucharest \u2013 Paris \u2013 Calgary 2022<\/span><\/li><li>R.R. Wasilewski, <i>Dzia\u0142alno\u015b\u0107 nieewidencjonowana \u2013 dzia\u0142alno\u015b\u0107 gospodarcza? Uwagi na tle prawa gospodarczego publicznego i prywatnego <\/i>, Studia Prawnicze KUL 2022, Nr. 2<\/li><li>R.R. Wasilewski, <i>Brak skorzystania ze \u015brodk\u00f3w ochrony prawnej w zam\u00f3wieniach publicznych a dopuszczalno\u015b\u0107 drogi s\u0105dowej. Glosa do uchwa\u0142y S\u0105du Najwy\u017cszego z 25.02.2021 r., III CZP 16\/20<\/i>, Przegl\u0105d S\u0105dowy 2022, Nr. 4<\/li><li>R.R. Wasilewski, <i><span lang=\"EN-GB\">Term of office as an indicator of independence of the antitrust authority in the implementation of the ECN+ Directive: experiences of Polish law and of the Polish antitrust authority<\/span><\/i>, [w:] S. de Carvalho, A. Petri\u010devi\u0107 (Hrsg.), Building an Adapted Business Law, ADJURIS, Bucharest \u2013 Paris \u2013 Calgary 2022<\/li><li>R.R. Wasilewski, <em>Product Substitutability in Defining the Relevant Market and Expert Evidence: Comments on the Judgment of the Polish Supreme Court of 29 July 2020 (I NSK 8\/19)<\/em>, Yearbook of Antitrust and Regulatory Studies 2021, Vol. 14 (No 24) <\/li><li>R.R. Wasilewski, <em>Sektor ma\u0142ych i \u015brednich przedsi\u0119biorstw a metodyka projektowania akt\u00f3w normatywnych w prawie polskim<\/em>, &#8222;Ruch Prawniczy, Ekonomiczny i Socjologiczny&#8220; 2021, z. 3<\/li><li>R.R. Wasilewski, W. Gonet, <em>Koncesja na roboty budowlane lub us\u0142ugi<\/em>, (w:) W. Gonet, A. W\u00f3jtowicz-Dawid (red.), <em>Zam\u00f3wienia publiczne<\/em>, Wolters Kluwer, Warszawa 2021<\/li><li>R.R. Wasilewski, <em>Zam\u00f3wienia publiczne jako instrument polityki innowacyjnej samorz\u0105du<\/em>, (w:) L. Czaplewski, D. Jurewicz, A. Sz\u00f3stek (red.), <em>Innowacyjny samorz\u0105d. Rola samorz\u0105du w kreowaniu innowacyjno\u015bci regionalnej <\/em>, Wydawnictwo Adam Marsza\u0142ek, Toru\u0144 2020<\/li><li>R.R. Wasilewski, <em>Szczeg\u00f3lne procedury w zam\u00f3wieniach publicznych<\/em>, (w:) P. Bielarczyk, W. Gonet, A. W\u00f3jtowicz-Dawid (red.), <em>Zam\u00f3wienia publiczne<\/em>, Wolters Kluwer, Warszawa 2021<\/li><li>R.R. Wasilewski, <em>Post\u0119powanie o udzielenie zam\u00f3wienia publicznego podczas epidemii koronawirusa \u2013 zagadnienia wybrane<\/em>, (w:) A. Bochetyn, J. H. Szlachetko (red.), <em>Cyfrowa czy analogowa? Funkcjonowanie administracji publicznej w stanie kryzysu <\/em>, Wydawnictwo Bernardinum, Pelplin 2021<\/li><li>R.R. Wasilewski, <em>Post\u0119powanie dowodowe przed Prezesem Urz\u0119du Ochrony Konkurencji i Konsument\u00f3w<\/em>, Wydawnictwo C.H. Beck, Warszawa 2020<\/li><li>R.R. Wasilewski, <em>Post\u0119powanie dowodowe przed Krajow\u0105 Izb\u0105 Odwo\u0142awcz\u0105 wed\u0142ug ustawy z dnia 11 wrze\u015bnia 2019 r. \u2013 Prawo zam\u00f3wie\u0144 publicznych (Dz.U. poz. 2019) przez pryzmat zasad techniki prawodawczej <\/em>, Przegl\u0105d Legislacyjny, Nr 1(111)\/2020<\/li><li>R.R. Wasilewski, <i>Zarz\u0105dzenie asystenta s\u0119dziego w \u015bwietle nowelizacji post\u0119powania cywilnego<\/i>, Prawo w Dzia\u0142aniu 2020, nr 44<\/li><li>R.R. Wasilewski, <em>Wywo\u0142anie przez kontrolowanego przedsi\u0119biorc\u0119 konieczno\u015bci dokonania przez Prezesa UOKiK dodatkowych czynno\u015bci dla zapoznania si\u0119 z tre\u015bci\u0105 dokument\u00f3w jako brak wsp\u00f3\u0142dzia\u0142ania kontrolowanego. Glosa do wyroku SN z dnia 21 kwietnia 2016 r., III SK 23\/15<\/em>, Przegl\u0105d Prawa Publicznego 2018, nr 1<\/li><li>R.R. Wasilewski, <em>Samodzielny Publiczny Zak\u0142ad Opieki Zdrowotnej \u2013 przedsi\u0119biorca? Uj\u0119cie publicznoprawne vs uj\u0119cie prywatnoprawne <\/em>, (w:) M. D\u0119bska-Maik (red), Wsp\u00f3\u0142czesne problemy w naukach o zdrowiu, Warszawa 2017<\/li><li>R.R. Wasilewski, <em>Wpis do Krajowego Rejestru S\u0105dowego jako fakt powszechnie znany \u2013 glosa do postanowienia S\u0105du Najwy\u017cszego z 26.11.2014 r., III CSK 254\/13<\/em>, Glosa 2017, nr 2<\/li><li>R.R. Wasilewski, <em>Skarga na rozstrzygni\u0119cie Krajowej Izby Odwo\u0142awczej zawarte w uzasadnieniu wyroku. Glosa do uchwa\u0142y S\u0105du Najwy\u017cszego z 17.02.2016 r. (III CZP 111\/15)  <\/em>, Finanse Komunalne Nr 10\/2016<\/li><li>R.R. Wasilewski, E. Zawadzka, <em>Ci\u0119\u017car dowodu w kwestii ra\u017c\u0105co niskiej ceny w s\u0105dowej kontroli zam\u00f3wie\u0144 publicznych w post\u0119powaniu skargowym (po nowelizacji z 2014 r.)<\/em>, (w:) D. Lambrecht-Halla, P. Szyma\u0144ski (red), Wsp\u00f3\u0142czesne nowelizacje prawa karnego i cywilnego, Szczecin 2016<\/li><li>R.R. Wasilewski, Ochrona<em> konkurencji i konsument\u00f3w na rynku us\u0142ug bankowych w \u015bwietle orzecznictwa Prezesa Urz\u0119du Ochrony Konkurencji i Konsument\u00f3w<\/em>, (w:) E. Kowalewska, P. Ma\u0144czyk (red.), Wsp\u00f3\u0142czesne problemy bankowo\u015bci i sektora finans\u00f3w publicznych T. 1, Szczecin 2015<\/li><\/ol>\t\t\t\t\t\t\t\t<\/div>\n\t\t\t\t\t<\/div>\n\t\t<\/div>\n\t\t\t\t<div class=\"elementor-column elementor-col-50 elementor-inner-column elementor-element elementor-element-e69d9a3 elementor-invisible\" data-id=\"e69d9a3\" data-element_type=\"column\" data-e-type=\"column\" data-settings=\"{&quot;animation&quot;:&quot;fadeInRight&quot;}\">\n\t\t\t<div class=\"elementor-widget-wrap elementor-element-populated\">\n\t\t\t\t\t\t<div class=\"elementor-element elementor-element-4f2825c elementor-view-framed elementor-shape-square elementor-position-block-start elementor-mobile-position-block-start elementor-widget elementor-widget-icon-box\" data-id=\"4f2825c\" data-element_type=\"widget\" data-e-type=\"widget\" data-widget_type=\"icon-box.default\">\n\t\t\t\t\t\t\t<div class=\"elementor-icon-box-wrapper\">\n\n\t\t\t\t\t\t<div class=\"elementor-icon-box-icon\">\n\t\t\t\t<span  class=\"elementor-icon elementor-animation-pulse-grow\">\n\t\t\t\t<svg aria-hidden=\"true\" class=\"e-font-icon-svg e-far-newspaper\" viewBox=\"0 0 576 512\" xmlns=\"http:\/\/www.w3.org\/2000\/svg\"><path d=\"M552 64H112c-20.858 0-38.643 13.377-45.248 32H24c-13.255 0-24 10.745-24 24v272c0 30.928 25.072 56 56 56h496c13.255 0 24-10.745 24-24V88c0-13.255-10.745-24-24-24zM48 392V144h16v248c0 4.411-3.589 8-8 8s-8-3.589-8-8zm480 8H111.422c.374-2.614.578-5.283.578-8V112h416v288zM172 280h136c6.627 0 12-5.373 12-12v-96c0-6.627-5.373-12-12-12H172c-6.627 0-12 5.373-12 12v96c0 6.627 5.373 12 12 12zm28-80h80v40h-80v-40zm-40 140v-24c0-6.627 5.373-12 12-12h136c6.627 0 12 5.373 12 12v24c0 6.627-5.373 12-12 12H172c-6.627 0-12-5.373-12-12zm192 0v-24c0-6.627 5.373-12 12-12h104c6.627 0 12 5.373 12 12v24c0 6.627-5.373 12-12 12H364c-6.627 0-12-5.373-12-12zm0-144v-24c0-6.627 5.373-12 12-12h104c6.627 0 12 5.373 12 12v24c0 6.627-5.373 12-12 12H364c-6.627 0-12-5.373-12-12zm0 72v-24c0-6.627 5.373-12 12-12h104c6.627 0 12 5.373 12 12v24c0 6.627-5.373 12-12 12H364c-6.627 0-12-5.373-12-12z\"><\/path><\/svg>\t\t\t\t<\/span>\n\t\t\t<\/div>\n\t\t\t\n\t\t\t\t\t\t<div class=\"elementor-icon-box-content\">\n\n\t\t\t\t\t\t\t\t\t<h3 class=\"elementor-icon-box-title\">\n\t\t\t\t\t\t<span  >\n\t\t\t\t\t\t\tWir sind auch in der Presse:\t\t\t\t\t\t<\/span>\n\t\t\t\t\t<\/h3>\n\t\t\t\t\n\t\t\t\t\n\t\t\t<\/div>\n\t\t\t\n\t\t<\/div>\n\t\t\t\t\t\t<\/div>\n\t\t\t\t<div class=\"elementor-element elementor-element-f17094e elementor-widget elementor-widget-text-editor\" data-id=\"f17094e\" data-element_type=\"widget\" data-e-type=\"widget\" data-widget_type=\"text-editor.default\">\n\t\t\t\t\t\t\t\t\t<ol><li>R.R. Wasilewski, <em>Termin przedawnienia rekompensaty za koszty odzyskiwania nale\u017cno\u015bci<\/em> &#8211; INFOR.pl (12.11.2021)<\/li><li>R.R. Wasilewski, <em>Mi\u00f3d drahimski, czyli kilka s\u0142\u00f3w o prawnej ochronie nazw miodu<\/em> &#8211; Pasieka 2021, nr 6<\/li><li>R.R. Wasilewski, <em>Handlowanie opiniami na temat firm i ich produkt\u00f3w \u2013 co na to prawo?<\/em> &#8211; NowyMarketing.pl (25.08.2021)<\/li><li>R.R. Wasilewski, <em>Komu nale\u017cy si\u0119 zachowek? &#8211;  <\/em>GazetaBaltycka.pl (23.08.2021)<\/li><li>R.R. Wasilewski, <em>Prawo s\u0105siedzkie: problem z drzewami na nieruchomo\u015bci s\u0105siada <\/em>&#8211; Bankier.pl (21.08.2021)<\/li><li>R.R. Wasilewski, <em>Prawo do czystego powietrza jako dobro osobiste? S\u0105d Najwy\u017cszy zaprzecza  <\/em>&#8211; GazetaBaltycka.pl (8.07.2021)<\/li><li>R.R. Wasilewski, <em>Kompensata nale\u017cno\u015bci \u2013 najwa\u017cniejsze kwestie prawne <\/em>&#8211; INFOR.pl (25.05.2021)<\/li><li>R.R. Wasilewski, <em>Umowa z po\u015brednikiem nieruchomo\u015bci. Oto pi\u0119\u0107 istotnych kwestii  <\/em>&#8211; Bankier.pl (8.05.2021)<\/li><li>R.R. Wasilewski, <em>Do s\u0105du z adwokatem lub radc\u0105 prawnym czy bez?<\/em> &#8211; Bankier.pl (24.04.2021)<\/li><li>R.R. Wasilewski, <em>S\u0105dzieskie spory &#8211; czy s\u0105d mo\u017ce nakaza\u0107 likwidacj\u0119 pasieki? <\/em>&#8211; Pasieka 2021, nr 1<\/li><\/ol><p><b>Rechtsanwalt Dr. Rafa\u0142 R. Wasilewski <\/b>arbeitet regelm\u00e4\u00dfig als Experte u.a. mit dem Portal INFOR.pl<a href=\"https:\/\/www.infor.pl\/eksperci\/51967,dr-Radek-Rafal-Wasilewski.html\">(siehe Publikationen<\/a>) und der Zeitschrift Pasieka<a href=\"https:\/\/pasieka24.pl\/index.php\/pl-pl\/kontakt-pasieka\/autorzy\/111-wasilewski-radek-rafal\">(siehe Publikationen<\/a>) zusammen. Expertenkommentare des Rechtsanwalts Rafa\u0142 R. Wasilewski, Ph.   <b> <\/b>wurden unter anderem in den von PIT.pl zusammengestellten Publikationen ber\u00fccksichtigt. <\/p><p><strong>Wir laden Sie auch ein, die Studien im <a href=\"https:\/\/radcawasilewski.pl\/blog\/\">Blog unserer Kanzlei<\/a> zu lesen!<br><\/strong><\/p>\t\t\t\t\t\t\t\t<\/div>\n\t\t\t\t<div class=\"elementor-element elementor-element-e4c8111 elementor-widget elementor-widget-image-carousel\" data-id=\"e4c8111\" data-element_type=\"widget\" data-e-type=\"widget\" data-settings=\"{&quot;slides_to_show&quot;:&quot;1&quot;,&quot;navigation&quot;:&quot;none&quot;,&quot;autoplay&quot;:&quot;yes&quot;,&quot;pause_on_hover&quot;:&quot;yes&quot;,&quot;pause_on_interaction&quot;:&quot;yes&quot;,&quot;autoplay_speed&quot;:5000,&quot;infinite&quot;:&quot;yes&quot;,&quot;effect&quot;:&quot;slide&quot;,&quot;speed&quot;:500}\" data-widget_type=\"image-carousel.default\">\n\t\t\t\t\t\t\t<div class=\"elementor-image-carousel-wrapper swiper\" role=\"region\" aria-roledescription=\"carousel\" aria-label=\"Bild Karussell\" dir=\"ltr\">\n\t\t\t<div class=\"elementor-image-carousel swiper-wrapper\" aria-live=\"off\">\n\t\t\t\t\t\t\t\t<div class=\"swiper-slide\" role=\"group\" aria-roledescription=\"slide\" aria-label=\"1 von 3\"><figure class=\"swiper-slide-inner\"><img decoding=\"async\" class=\"swiper-slide-image\" src=\"https:\/\/radcawasilewski.pl\/wp-content\/uploads\/2020\/04\/open_graph_logo_infor.png\" alt=\"open_graph_logo_infor\" \/><\/figure><\/div><div class=\"swiper-slide\" role=\"group\" aria-roledescription=\"slide\" aria-label=\"2 von 3\"><figure class=\"swiper-slide-inner\"><img decoding=\"async\" class=\"swiper-slide-image\" src=\"https:\/\/radcawasilewski.pl\/wp-content\/uploads\/2021\/02\/logo_pasieka.png\" alt=\"logo_pasieka\" \/><\/figure><\/div><div class=\"swiper-slide\" role=\"group\" aria-roledescription=\"slide\" aria-label=\"3 von 3\"><figure class=\"swiper-slide-inner\"><img decoding=\"async\" class=\"swiper-slide-image\" src=\"https:\/\/radcawasilewski.pl\/wp-content\/uploads\/2021\/06\/bankier-logo.png\" alt=\"bankier-logo\" \/><\/figure><\/div>\t\t\t<\/div>\n\t\t\t\t\t\t\t\n\t\t\t\t\t\t\t\t\t<\/div>\n\t\t\t\t\t\t<\/div>\n\t\t\t\t\t<\/div>\n\t\t<\/div>\n\t\t\t\t\t<\/div>\n\t\t<\/section>\n\t\t\t\t\t<\/div>\n\t\t<\/div>\n\t\t\t\t\t<\/div>\n\t\t<\/section>\n\t\t\t\t<section data-particle_enable=\"false\" data-particle-mobile-disabled=\"false\" class=\"elementor-section elementor-top-section elementor-element elementor-element-c03055c elementor-hidden-tablet elementor-hidden-phone elementor-section-height-min-height elementor-section-boxed elementor-section-height-default elementor-section-items-middle\" data-id=\"c03055c\" data-element_type=\"section\" data-e-type=\"section\" data-settings=\"{&quot;animation&quot;:&quot;none&quot;,&quot;background_background&quot;:&quot;classic&quot;}\">\n\t\t\t\t\t\t\t<div class=\"elementor-background-overlay\"><\/div>\n\t\t\t\t\t\t\t<div class=\"elementor-container elementor-column-gap-default\">\n\t\t\t\t\t<div class=\"elementor-column elementor-col-100 elementor-top-column elementor-element elementor-element-41cca17\" data-id=\"41cca17\" data-element_type=\"column\" data-e-type=\"column\">\n\t\t\t<div class=\"elementor-widget-wrap\">\n\t\t\t\t\t\t\t<\/div>\n\t\t<\/div>\n\t\t\t\t\t<\/div>\n\t\t<\/section>\n\t\t\t\t<\/div>\n\t\t","protected":false},"excerpt":{"rendered":"<p>Unsere Anwaltskanzlei Rechtsanwaltskanzlei Dr. Rafa\u0142 R. Wasilewski Was zeichnet unsere Anwaltskanzlei aus? Die Anwaltskanzlei von Rechtsanwalt Dr. Rafa\u0142 R. Wasilewski wurde mit dem Ziel gegr\u00fcndet, ihren Mandanten professionelle Rechtshilfe zu &#8230;<\/p>\n","protected":false},"author":1,"featured_media":4440,"parent":0,"menu_order":0,"comment_status":"closed","ping_status":"closed","template":"elementor_header_footer","meta":{"footnotes":""},"class_list":["post-4786","page","type-page","status-publish","has-post-thumbnail","hentry"],"yoast_head":"<!-- This site is optimized with the Yoast SEO plugin v27.4 - https:\/\/yoast.com\/product\/yoast-seo-wordpress\/ -->\n<title>Kanzlei &#8226; Rechtsanwaltskanzlei Dr Rafa\u0142 R. Wasilewski<\/title>\n<meta name=\"description\" content=\"Unsere Anwaltskanzlei: Der Gr\u00fcnder der Kanzlei ist Rechtsanwalt Dr. Rafa\u0142 R. Wasilewski. Hauptsitz der Kanzlei - Szczecin\" \/>\n<meta name=\"robots\" content=\"index, follow, max-snippet:-1, max-image-preview:large, max-video-preview:-1\" \/>\n<link rel=\"canonical\" href=\"https:\/\/radcawasilewski.pl\/de\/kanzlei\/\" \/>\n<meta property=\"og:locale\" content=\"de_DE\" \/>\n<meta property=\"og:type\" content=\"article\" \/>\n<meta property=\"og:title\" content=\"Kanzlei &#8226; Rechtsanwaltskanzlei Dr Rafa\u0142 R. Wasilewski\" \/>\n<meta property=\"og:description\" content=\"Unsere Anwaltskanzlei: Der Gr\u00fcnder der Kanzlei ist Rechtsanwalt Dr. Rafa\u0142 R. Wasilewski. Hauptsitz der Kanzlei - Szczecin\" \/>\n<meta property=\"og:url\" content=\"https:\/\/radcawasilewski.pl\/de\/kanzlei\/\" \/>\n<meta property=\"og:site_name\" content=\"Radca prawny dr Rafa\u0142 R. Wasilewski - Kancelaria Prawna - Szczecin\" \/>\n<meta property=\"article:publisher\" content=\"https:\/\/www.facebook.com\/kancelariadrwasilewski\/\" \/>\n<meta property=\"article:modified_time\" content=\"2026-01-04T18:39:57+00:00\" \/>\n<meta property=\"og:image\" content=\"https:\/\/radcawasilewski.pl\/wp-content\/uploads\/2020\/04\/logo-2.jpg\" \/>\n\t<meta property=\"og:image:width\" content=\"512\" \/>\n\t<meta property=\"og:image:height\" content=\"512\" \/>\n\t<meta property=\"og:image:type\" content=\"image\/jpeg\" \/>\n<meta name=\"twitter:card\" content=\"summary_large_image\" \/>\n<meta name=\"twitter:label1\" content=\"Gesch\u00e4tzte Lesezeit\" \/>\n\t<meta name=\"twitter:data1\" content=\"8\u00a0Minuten\" \/>\n<script type=\"application\/ld+json\" class=\"yoast-schema-graph\">{\"@context\":\"https:\\\/\\\/schema.org\",\"@graph\":[{\"@type\":\"WebPage\",\"@id\":\"https:\\\/\\\/radcawasilewski.pl\\\/de\\\/kanzlei\\\/\",\"url\":\"https:\\\/\\\/radcawasilewski.pl\\\/de\\\/kanzlei\\\/\",\"name\":\"Kanzlei &#8226; Rechtsanwaltskanzlei Dr Rafa\u0142 R. Wasilewski\",\"isPartOf\":{\"@id\":\"https:\\\/\\\/radcawasilewski.pl\\\/#website\"},\"primaryImageOfPage\":{\"@id\":\"https:\\\/\\\/radcawasilewski.pl\\\/de\\\/kanzlei\\\/#primaryimage\"},\"image\":{\"@id\":\"https:\\\/\\\/radcawasilewski.pl\\\/de\\\/kanzlei\\\/#primaryimage\"},\"thumbnailUrl\":\"https:\\\/\\\/radcawasilewski.pl\\\/wp-content\\\/uploads\\\/2020\\\/04\\\/logo-2.jpg\",\"datePublished\":\"2021-02-08T14:39:35+00:00\",\"dateModified\":\"2026-01-04T18:39:57+00:00\",\"description\":\"Unsere Anwaltskanzlei: Der Gr\u00fcnder der Kanzlei ist Rechtsanwalt Dr. Rafa\u0142 R. Wasilewski. Hauptsitz der Kanzlei - Szczecin\",\"breadcrumb\":{\"@id\":\"https:\\\/\\\/radcawasilewski.pl\\\/de\\\/kanzlei\\\/#breadcrumb\"},\"inLanguage\":\"de\",\"potentialAction\":[{\"@type\":\"ReadAction\",\"target\":[\"https:\\\/\\\/radcawasilewski.pl\\\/de\\\/kanzlei\\\/\"]}]},{\"@type\":\"ImageObject\",\"inLanguage\":\"de\",\"@id\":\"https:\\\/\\\/radcawasilewski.pl\\\/de\\\/kanzlei\\\/#primaryimage\",\"url\":\"https:\\\/\\\/radcawasilewski.pl\\\/wp-content\\\/uploads\\\/2020\\\/04\\\/logo-2.jpg\",\"contentUrl\":\"https:\\\/\\\/radcawasilewski.pl\\\/wp-content\\\/uploads\\\/2020\\\/04\\\/logo-2.jpg\",\"width\":512,\"height\":512},{\"@type\":\"BreadcrumbList\",\"@id\":\"https:\\\/\\\/radcawasilewski.pl\\\/de\\\/kanzlei\\\/#breadcrumb\",\"itemListElement\":[{\"@type\":\"ListItem\",\"position\":1,\"name\":\"Strona g\u0142\u00f3wna\",\"item\":\"https:\\\/\\\/radcawasilewski.pl\\\/de\\\/homepage\\\/\"},{\"@type\":\"ListItem\",\"position\":2,\"name\":\"Kanzlei\"}]},{\"@type\":\"WebSite\",\"@id\":\"https:\\\/\\\/radcawasilewski.pl\\\/#website\",\"url\":\"https:\\\/\\\/radcawasilewski.pl\\\/\",\"name\":\"Radca prawny dr Rafa\u0142 R. Wasilewski - Kancelaria Prawna - Szczecin\",\"description\":\"Nasza kancelaria prawna posiada siedzib\u0119 w mie\u015bcie Szczecin. Kancelari\u0119 prowadzi radca prawny dr Rafa\u0142 R. Wasilewski. Nasza kancelaria prawna to kancelaria specjalizuj\u0105ca si\u0119 w prawie gospodarczym, cywilnym, obs\u0142udze prawnej. \u015awiadczymy us\u0142ugi prawne dla firm oraz klient\u00f3w indywidualnych.\",\"publisher\":{\"@id\":\"https:\\\/\\\/radcawasilewski.pl\\\/#organization\"},\"alternateName\":\"Kancelaria Radcy Prawnego dr Rafa\u0142 R. Wasilewski - Szczecin\",\"potentialAction\":[{\"@type\":\"SearchAction\",\"target\":{\"@type\":\"EntryPoint\",\"urlTemplate\":\"https:\\\/\\\/radcawasilewski.pl\\\/?s={search_term_string}\"},\"query-input\":{\"@type\":\"PropertyValueSpecification\",\"valueRequired\":true,\"valueName\":\"search_term_string\"}}],\"inLanguage\":\"de\"},{\"@type\":\"Organization\",\"@id\":\"https:\\\/\\\/radcawasilewski.pl\\\/#organization\",\"name\":\"Kancelaria Radcy Prawnego dr Rafa\u0142 R. Wasilewski w Szczecinie\",\"url\":\"https:\\\/\\\/radcawasilewski.pl\\\/\",\"logo\":{\"@type\":\"ImageObject\",\"inLanguage\":\"de\",\"@id\":\"https:\\\/\\\/radcawasilewski.pl\\\/#\\\/schema\\\/logo\\\/image\\\/\",\"url\":\"https:\\\/\\\/radcawasilewski.pl\\\/wp-content\\\/uploads\\\/2022\\\/11\\\/logo-radca-prawny-szczecin-rafal-wasilewski_kancelaria_radcy_prawnego.jpeg\",\"contentUrl\":\"https:\\\/\\\/radcawasilewski.pl\\\/wp-content\\\/uploads\\\/2022\\\/11\\\/logo-radca-prawny-szczecin-rafal-wasilewski_kancelaria_radcy_prawnego.jpeg\",\"width\":2048,\"height\":2048,\"caption\":\"Kancelaria Radcy Prawnego dr Rafa\u0142 R. Wasilewski w Szczecinie\"},\"image\":{\"@id\":\"https:\\\/\\\/radcawasilewski.pl\\\/#\\\/schema\\\/logo\\\/image\\\/\"},\"sameAs\":[\"https:\\\/\\\/www.facebook.com\\\/kancelariadrwasilewski\\\/\",\"https:\\\/\\\/www.linkedin.com\\\/company\\\/42883534\\\/\",\"https:\\\/\\\/www.youtube.com\\\/channel\\\/UCYB7PGtiW4PNUoBuAkh3qMQ\",\"https:\\\/\\\/oirp.szczecin.pl\\\/kancelaria\\\/kancelaria-radcy-prawnego-dr-rafal-r-wasilewski\\\/\",\"https:\\\/\\\/szukajradcy.pl\\\/lawyers\\\/rz_ef25d74d2882d3e4bff44c1e5728b49\\\/\"]}]}<\/script>\n<!-- \/ Yoast SEO plugin. -->","yoast_head_json":{"title":"Kanzlei &#8226; Rechtsanwaltskanzlei Dr Rafa\u0142 R. Wasilewski","description":"Unsere Anwaltskanzlei: Der Gr\u00fcnder der Kanzlei ist Rechtsanwalt Dr. Rafa\u0142 R. Wasilewski. Hauptsitz der Kanzlei - Szczecin","robots":{"index":"index","follow":"follow","max-snippet":"max-snippet:-1","max-image-preview":"max-image-preview:large","max-video-preview":"max-video-preview:-1"},"canonical":"https:\/\/radcawasilewski.pl\/de\/kanzlei\/","og_locale":"de_DE","og_type":"article","og_title":"Kanzlei &#8226; Rechtsanwaltskanzlei Dr Rafa\u0142 R. Wasilewski","og_description":"Unsere Anwaltskanzlei: Der Gr\u00fcnder der Kanzlei ist Rechtsanwalt Dr. Rafa\u0142 R. Wasilewski. Hauptsitz der Kanzlei - Szczecin","og_url":"https:\/\/radcawasilewski.pl\/de\/kanzlei\/","og_site_name":"Radca prawny dr Rafa\u0142 R. Wasilewski - Kancelaria Prawna - Szczecin","article_publisher":"https:\/\/www.facebook.com\/kancelariadrwasilewski\/","article_modified_time":"2026-01-04T18:39:57+00:00","og_image":[{"width":512,"height":512,"url":"https:\/\/radcawasilewski.pl\/wp-content\/uploads\/2020\/04\/logo-2.jpg","type":"image\/jpeg"}],"twitter_card":"summary_large_image","twitter_misc":{"Gesch\u00e4tzte Lesezeit":"8\u00a0Minuten"},"schema":{"@context":"https:\/\/schema.org","@graph":[{"@type":"WebPage","@id":"https:\/\/radcawasilewski.pl\/de\/kanzlei\/","url":"https:\/\/radcawasilewski.pl\/de\/kanzlei\/","name":"Kanzlei &#8226; Rechtsanwaltskanzlei Dr Rafa\u0142 R. Wasilewski","isPartOf":{"@id":"https:\/\/radcawasilewski.pl\/#website"},"primaryImageOfPage":{"@id":"https:\/\/radcawasilewski.pl\/de\/kanzlei\/#primaryimage"},"image":{"@id":"https:\/\/radcawasilewski.pl\/de\/kanzlei\/#primaryimage"},"thumbnailUrl":"https:\/\/radcawasilewski.pl\/wp-content\/uploads\/2020\/04\/logo-2.jpg","datePublished":"2021-02-08T14:39:35+00:00","dateModified":"2026-01-04T18:39:57+00:00","description":"Unsere Anwaltskanzlei: Der Gr\u00fcnder der Kanzlei ist Rechtsanwalt Dr. Rafa\u0142 R. Wasilewski. Hauptsitz der Kanzlei - Szczecin","breadcrumb":{"@id":"https:\/\/radcawasilewski.pl\/de\/kanzlei\/#breadcrumb"},"inLanguage":"de","potentialAction":[{"@type":"ReadAction","target":["https:\/\/radcawasilewski.pl\/de\/kanzlei\/"]}]},{"@type":"ImageObject","inLanguage":"de","@id":"https:\/\/radcawasilewski.pl\/de\/kanzlei\/#primaryimage","url":"https:\/\/radcawasilewski.pl\/wp-content\/uploads\/2020\/04\/logo-2.jpg","contentUrl":"https:\/\/radcawasilewski.pl\/wp-content\/uploads\/2020\/04\/logo-2.jpg","width":512,"height":512},{"@type":"BreadcrumbList","@id":"https:\/\/radcawasilewski.pl\/de\/kanzlei\/#breadcrumb","itemListElement":[{"@type":"ListItem","position":1,"name":"Strona g\u0142\u00f3wna","item":"https:\/\/radcawasilewski.pl\/de\/homepage\/"},{"@type":"ListItem","position":2,"name":"Kanzlei"}]},{"@type":"WebSite","@id":"https:\/\/radcawasilewski.pl\/#website","url":"https:\/\/radcawasilewski.pl\/","name":"Radca prawny dr Rafa\u0142 R. Wasilewski - Kancelaria Prawna - Szczecin","description":"Nasza kancelaria prawna posiada siedzib\u0119 w mie\u015bcie Szczecin. Kancelari\u0119 prowadzi radca prawny dr Rafa\u0142 R. Wasilewski. Nasza kancelaria prawna to kancelaria specjalizuj\u0105ca si\u0119 w prawie gospodarczym, cywilnym, obs\u0142udze prawnej. \u015awiadczymy us\u0142ugi prawne dla firm oraz klient\u00f3w indywidualnych.","publisher":{"@id":"https:\/\/radcawasilewski.pl\/#organization"},"alternateName":"Kancelaria Radcy Prawnego dr Rafa\u0142 R. Wasilewski - Szczecin","potentialAction":[{"@type":"SearchAction","target":{"@type":"EntryPoint","urlTemplate":"https:\/\/radcawasilewski.pl\/?s={search_term_string}"},"query-input":{"@type":"PropertyValueSpecification","valueRequired":true,"valueName":"search_term_string"}}],"inLanguage":"de"},{"@type":"Organization","@id":"https:\/\/radcawasilewski.pl\/#organization","name":"Kancelaria Radcy Prawnego dr Rafa\u0142 R. Wasilewski w Szczecinie","url":"https:\/\/radcawasilewski.pl\/","logo":{"@type":"ImageObject","inLanguage":"de","@id":"https:\/\/radcawasilewski.pl\/#\/schema\/logo\/image\/","url":"https:\/\/radcawasilewski.pl\/wp-content\/uploads\/2022\/11\/logo-radca-prawny-szczecin-rafal-wasilewski_kancelaria_radcy_prawnego.jpeg","contentUrl":"https:\/\/radcawasilewski.pl\/wp-content\/uploads\/2022\/11\/logo-radca-prawny-szczecin-rafal-wasilewski_kancelaria_radcy_prawnego.jpeg","width":2048,"height":2048,"caption":"Kancelaria Radcy Prawnego dr Rafa\u0142 R. Wasilewski w Szczecinie"},"image":{"@id":"https:\/\/radcawasilewski.pl\/#\/schema\/logo\/image\/"},"sameAs":["https:\/\/www.facebook.com\/kancelariadrwasilewski\/","https:\/\/www.linkedin.com\/company\/42883534\/","https:\/\/www.youtube.com\/channel\/UCYB7PGtiW4PNUoBuAkh3qMQ","https:\/\/oirp.szczecin.pl\/kancelaria\/kancelaria-radcy-prawnego-dr-rafal-r-wasilewski\/","https:\/\/szukajradcy.pl\/lawyers\/rz_ef25d74d2882d3e4bff44c1e5728b49\/"]}]}},"_links":{"self":[{"href":"https:\/\/radcawasilewski.pl\/de\/wp-json\/wp\/v2\/pages\/4786","targetHints":{"allow":["GET"]}}],"collection":[{"href":"https:\/\/radcawasilewski.pl\/de\/wp-json\/wp\/v2\/pages"}],"about":[{"href":"https:\/\/radcawasilewski.pl\/de\/wp-json\/wp\/v2\/types\/page"}],"author":[{"embeddable":true,"href":"https:\/\/radcawasilewski.pl\/de\/wp-json\/wp\/v2\/users\/1"}],"replies":[{"embeddable":true,"href":"https:\/\/radcawasilewski.pl\/de\/wp-json\/wp\/v2\/comments?post=4786"}],"version-history":[{"count":2,"href":"https:\/\/radcawasilewski.pl\/de\/wp-json\/wp\/v2\/pages\/4786\/revisions"}],"predecessor-version":[{"id":4788,"href":"https:\/\/radcawasilewski.pl\/de\/wp-json\/wp\/v2\/pages\/4786\/revisions\/4788"}],"wp:featuredmedia":[{"embeddable":true,"href":"https:\/\/radcawasilewski.pl\/de\/wp-json\/wp\/v2\/media\/4440"}],"wp:attachment":[{"href":"https:\/\/radcawasilewski.pl\/de\/wp-json\/wp\/v2\/media?parent=4786"}],"curies":[{"name":"wp","href":"https:\/\/api.w.org\/{rel}","templated":true}]}}